{"id":182,"date":"2015-09-23T14:44:50","date_gmt":"2015-09-23T13:44:50","guid":{"rendered":"http:\/\/wp.magnium-themes.com\/himmelen\/himmelen-1\/?page_id=182"},"modified":"2026-04-03T10:01:04","modified_gmt":"2026-04-03T09:01:04","slug":"manifeste","status":"publish","type":"page","link":"https:\/\/dreamvoyager.fr\/","title":{"rendered":"Manifeste"},"content":{"rendered":"\t\t<div data-elementor-type=\"wp-page\" data-elementor-id=\"182\" class=\"elementor elementor-182\">\n\t\t\t\t\t\t<section class=\"elementor-section elementor-top-section elementor-element elementor-element-88a3882 elementor-section-full_width elementor-section-height-default elementor-section-height-default\" data-id=\"88a3882\" data-element_type=\"section\" data-e-type=\"section\">\n\t\t\t\t\t\t<div class=\"elementor-container elementor-column-gap-default\">\n\t\t\t\t\t<div class=\"elementor-column elementor-col-100 elementor-top-column elementor-element elementor-element-831bfe2\" data-id=\"831bfe2\" data-element_type=\"column\" data-e-type=\"column\">\n\t\t\t<div class=\"elementor-widget-wrap elementor-element-populated\">\n\t\t\t\t\t\t<div class=\"elementor-element elementor-element-85798ac elementor-widget elementor-widget-shortcode\" data-id=\"85798ac\" data-element_type=\"widget\" data-e-type=\"widget\" data-widget_type=\"shortcode.default\">\n\t\t\t\t<div class=\"elementor-widget-container\">\n\t\t\t\t\t\t\t<div class=\"elementor-shortcode\"><iframe id=\"haWidget\" allowtransparency=\"true\" src=\"https:\/\/www.helloasso.com\/associations\/dv-photographie\/adhesions\/adhesion-classique\/widget\" style=\"width: 100%; border: none;\" onload=\"window.addEventListener( 'message', function(e) { const dataHeight = e.data.height; const haWidgetElement = document.getElementById('haWidget'); haWidgetElement.height = dataHeight + 'px'; } )\" ><\/iframe><\/div>\n\t\t\t\t\t\t<\/div>\n\t\t\t\t<\/div>\n\t\t\t\t\t<\/div>\n\t\t<\/div>\n\t\t\t\t\t<\/div>\n\t\t<\/section>\n\t\t\t\t<section class=\"elementor-section elementor-top-section elementor-element elementor-element-61a4462 elementor-section-boxed elementor-section-height-default elementor-section-height-default\" data-id=\"61a4462\" data-element_type=\"section\" data-e-type=\"section\">\n\t\t\t\t\t\t<div class=\"elementor-container elementor-column-gap-default\">\n\t\t\t\t\t<div class=\"elementor-column elementor-col-100 elementor-top-column elementor-element elementor-element-80e8bda\" data-id=\"80e8bda\" data-element_type=\"column\" data-e-type=\"column\">\n\t\t\t<div class=\"elementor-widget-wrap elementor-element-populated\">\n\t\t\t\t\t\t<div class=\"elementor-element elementor-element-a543b0c elementor-widget-divider--view-line elementor-widget elementor-widget-divider\" data-id=\"a543b0c\" data-element_type=\"widget\" data-e-type=\"widget\" data-widget_type=\"divider.default\">\n\t\t\t\t<div class=\"elementor-widget-container\">\n\t\t\t\t\t\t\t<div class=\"elementor-divider\">\n\t\t\t<span class=\"elementor-divider-separator\">\n\t\t\t\t\t\t<\/span>\n\t\t<\/div>\n\t\t\t\t\t\t<\/div>\n\t\t\t\t<\/div>\n\t\t\t\t\t<\/div>\n\t\t<\/div>\n\t\t\t\t\t<\/div>\n\t\t<\/section>\n\t\t\t\t<section class=\"elementor-section elementor-top-section elementor-element elementor-element-797b418 elementor-section-boxed elementor-section-height-default elementor-section-height-default\" data-id=\"797b418\" data-element_type=\"section\" data-e-type=\"section\">\n\t\t\t\t\t\t<div class=\"elementor-container elementor-column-gap-default\">\n\t\t\t\t\t<div class=\"elementor-column elementor-col-100 elementor-top-column elementor-element elementor-element-5338c7b\" data-id=\"5338c7b\" data-element_type=\"column\" data-e-type=\"column\">\n\t\t\t<div class=\"elementor-widget-wrap elementor-element-populated\">\n\t\t\t\t\t\t<div class=\"elementor-element elementor-element-675fcae elementor-align-center elementor-widget elementor-widget-button\" data-id=\"675fcae\" data-element_type=\"widget\" data-e-type=\"widget\" data-widget_type=\"button.default\">\n\t\t\t\t<div class=\"elementor-widget-container\">\n\t\t\t\t\t\t\t\t\t<div class=\"elementor-button-wrapper\">\n\t\t\t\t\t<a class=\"elementor-button elementor-button-link elementor-size-sm\" href=\"https:\/\/dreamvoyager.fr\/?p=6178\" target=\"_blank\">\n\t\t\t\t\t\t<span class=\"elementor-button-content-wrapper\">\n\t\t\t\t\t\t\t\t\t<span class=\"elementor-button-text\">Portfolio 2024-2025<\/span>\n\t\t\t\t\t<\/span>\n\t\t\t\t\t<\/a>\n\t\t\t\t<\/div>\n\t\t\t\t\t\t\t\t<\/div>\n\t\t\t\t<\/div>\n\t\t\t\t\t<\/div>\n\t\t<\/div>\n\t\t\t\t\t<\/div>\n\t\t<\/section>\n\t\t\t\t<section class=\"elementor-section elementor-top-section elementor-element elementor-element-05fee67 elementor-section-boxed elementor-section-height-default elementor-section-height-default\" data-id=\"05fee67\" data-element_type=\"section\" data-e-type=\"section\">\n\t\t\t\t\t\t<div class=\"elementor-container elementor-column-gap-default\">\n\t\t\t\t\t<div class=\"elementor-column elementor-col-100 elementor-top-column elementor-element elementor-element-c7b61f4\" data-id=\"c7b61f4\" data-element_type=\"column\" data-e-type=\"column\">\n\t\t\t<div class=\"elementor-widget-wrap elementor-element-populated\">\n\t\t\t\t\t\t<div class=\"elementor-element elementor-element-5b7babf elementor-widget elementor-widget-text-editor\" data-id=\"5b7babf\" data-element_type=\"widget\" data-e-type=\"widget\" data-widget_type=\"text-editor.default\">\n\t\t\t\t<div class=\"elementor-widget-container\">\n\t\t\t\t\t\t\t\t\t<p><strong class=\"LNTPh JtdkY\">\ud83c\uddeb\ud83c\uddf7<\/strong>DV, association pluridisciplinaire r\u00e9gie par la loi 1901, \u00e9labore et coordonne des projets ainsi que des \u00e9v\u00e9nements artistiques \u2014 visuels, sonores et vivants \u2014 \u00e0 vocation sociale et contribuant \u00e0 la promotion de la sant\u00e9 globale, en France, en Colombie et sur le pourtour m\u00e9diterran\u00e9en<\/p>\t\t\t\t\t\t\t\t<\/div>\n\t\t\t\t<\/div>\n\t\t\t\t<section class=\"elementor-section elementor-inner-section elementor-element elementor-element-eaff8bb elementor-section-boxed elementor-section-height-default elementor-section-height-default\" data-id=\"eaff8bb\" data-element_type=\"section\" data-e-type=\"section\">\n\t\t\t\t\t\t<div class=\"elementor-container elementor-column-gap-default\">\n\t\t\t\t\t<div class=\"elementor-column elementor-col-50 elementor-inner-column elementor-element elementor-element-ee6e561\" data-id=\"ee6e561\" data-element_type=\"column\" data-e-type=\"column\">\n\t\t\t<div class=\"elementor-widget-wrap elementor-element-populated\">\n\t\t\t\t\t\t<div class=\"elementor-element elementor-element-02a8d54 elementor-widget elementor-widget-text-editor\" data-id=\"02a8d54\" data-element_type=\"widget\" data-e-type=\"widget\" data-widget_type=\"text-editor.default\">\n\t\t\t\t<div class=\"elementor-widget-container\">\n\t\t\t\t\t\t\t\t\t<p>Nous sommes une association franco-colombienne, profond\u00e9ment enracin\u00e9e \u00e0 Marseille, qui se consacre \u00e0 l&rsquo;utilisation des arts visuels comme un outil puissant pour explorer et nous r\u00e9approprier les th\u00e8mes sociaux qui fa\u00e7onnent notre g\u00e9n\u00e9ration. Nous croyons fermement que l&rsquo;union des cultures g\u00e9n\u00e8re une richesse inestimable. Si la migration peut nous \u00e9loigner de nos racines, elle nous unit \u00e9galement, nous inspire et nous motive \u00e0 maintenir ce lien vital avec nos origines. Dans ce processus, l&rsquo;art devient pour nous un langage universel et un outil essentiel pour accompagner ces transitions.<\/p>\n<p>Notre approche multiculturelle vise \u00e0 d\u00e9construire les mythes et les st\u00e9r\u00e9otypes impos\u00e9s \u00e0 la pens\u00e9e collective, en enrichissant nos perspectives gr\u00e2ce \u00e0 un dialogue ouvert et constructif entre les cultures fran\u00e7aise, m\u00e9diterran\u00e9enne et colombienne. \u00c0 travers des formations, des \u00e9v\u00e9nements et des projets artistiques comme axe transversal, nous aspirons \u00e0 devenir un point de r\u00e9f\u00e9rence et de soutien non seulement pour les Colombiens vivant en France, mais aussi pour tous ceux qui partagent les d\u00e9fis de la migration.<\/p>\t\t\t\t\t\t\t\t<\/div>\n\t\t\t\t<\/div>\n\t\t\t\t\t<\/div>\n\t\t<\/div>\n\t\t\t\t<div class=\"elementor-column elementor-col-50 elementor-inner-column elementor-element elementor-element-0bcc34d\" data-id=\"0bcc34d\" data-element_type=\"column\" data-e-type=\"column\">\n\t\t\t<div class=\"elementor-widget-wrap elementor-element-populated\">\n\t\t\t\t\t\t<div class=\"elementor-element elementor-element-da00a9f elementor-widget elementor-widget-text-editor\" data-id=\"da00a9f\" data-element_type=\"widget\" data-e-type=\"widget\" data-widget_type=\"text-editor.default\">\n\t\t\t\t<div class=\"elementor-widget-container\">\n\t\t\t\t\t\t\t\t\t<p>Dans le m\u00eame temps, nous accordons une attention particuli\u00e8re aux femmes \u2013 m\u00e8res, filles \u2013 nouvellement arriv\u00e9es, r\u00e9fugi\u00e9es, m\u00e8res c\u00e9libataires de toutes les g\u00e9n\u00e9rations et cat\u00e9gories socioprofessionnelles, qu&rsquo;elles r\u00e9sident ou non dans les quartiers prioritaires de la ville. Ces femmes, qu&rsquo;elles soient en France, en Colombie ou au Maroc, incarnent une richesse souvent m\u00e9connue et sont confront\u00e9es \u00e0 des d\u00e9fis complexes que nous nous engageons \u00e0 accompagner.<\/p>\n<p>Ainsi, nos projets acqui\u00e8rent une dimension inclusive et interg\u00e9n\u00e9rationnelle, r\u00e9pondant \u00e0 des probl\u00e9matiques concr\u00e8tes telles que :<\/p>\n<p>L&rsquo;acc\u00e8s \u00e0 des espaces d&rsquo;expression et de cr\u00e9ation pour surmonter les barri\u00e8res sociales et culturelles.<br \/>L&rsquo;organisation d&rsquo;ateliers, de formations et d&rsquo;\u00e9v\u00e9nements qui permettent de renforcer les capacit\u00e9s individuelles tout en tissant des liens de solidarit\u00e9 entre les communaut\u00e9s.<br \/>Le d\u00e9veloppement de projets significatifs, en collaboration avec des partenaires locaux et internationaux, visant \u00e0 promouvoir l&rsquo;\u00e9galit\u00e9 des chances et l&rsquo;\u00e9mancipation des femmes et des enfants.<\/p>\t\t\t\t\t\t\t\t<\/div>\n\t\t\t\t<\/div>\n\t\t\t\t\t<\/div>\n\t\t<\/div>\n\t\t\t\t\t<\/div>\n\t\t<\/section>\n\t\t\t\t<div class=\"elementor-element elementor-element-19a8e01 elementor-widget elementor-widget-text-editor\" data-id=\"19a8e01\" data-element_type=\"widget\" data-e-type=\"widget\" data-widget_type=\"text-editor.default\">\n\t\t\t\t<div class=\"elementor-widget-container\">\n\t\t\t\t\t\t\t\t\t<p>Notre vision d\u00e9passe les fronti\u00e8res. En soutenant des initiatives artistiques et sociales aussi bien en France, en Colombie qu\u2019au Maroc, nous esp\u00e9rons b\u00e2tir des ponts entre les cultures, renforcer les liens humains et d\u00e9velopper des projets porteurs de sens pour les individus comme pour les communaut\u00e9s.<\/p>\n<p>Nous vous remercions pour votre confiance et votre soutien dans cette mission qui nous tient tant \u00e0 c\u0153ur.<\/p>\t\t\t\t\t\t\t\t<\/div>\n\t\t\t\t<\/div>\n\t\t\t\t<div class=\"elementor-element elementor-element-f25fd88 elementor-widget-divider--view-line elementor-widget elementor-widget-divider\" data-id=\"f25fd88\" data-element_type=\"widget\" data-e-type=\"widget\" data-widget_type=\"divider.default\">\n\t\t\t\t<div class=\"elementor-widget-container\">\n\t\t\t\t\t\t\t<div class=\"elementor-divider\">\n\t\t\t<span class=\"elementor-divider-separator\">\n\t\t\t\t\t\t<\/span>\n\t\t<\/div>\n\t\t\t\t\t\t<\/div>\n\t\t\t\t<\/div>\n\t\t\t\t<div class=\"elementor-element elementor-element-58a27e4 elementor-widget elementor-widget-text-editor\" data-id=\"58a27e4\" data-element_type=\"widget\" data-e-type=\"widget\" data-widget_type=\"text-editor.default\">\n\t\t\t\t<div class=\"elementor-widget-container\">\n\t\t\t\t\t\t\t\t\t<p>\ud83c\udde8\ud83c\uddf4DV, una asociaci\u00f3n multidisciplinaria regida por la ley de 1901, elabora y coordina proyectos y eventos art\u00edsticos \u2014visuales, sonoros y en vivo\u2014 con vocaci\u00f3n social y que contribuyen a la promoci\u00f3n de la salud global en Francia, Colombia y la cuenca mediterr\u00e1nea.<\/p>\t\t\t\t\t\t\t\t<\/div>\n\t\t\t\t<\/div>\n\t\t\t\t\t<\/div>\n\t\t<\/div>\n\t\t\t\t\t<\/div>\n\t\t<\/section>\n\t\t\t\t<section class=\"elementor-section elementor-top-section elementor-element elementor-element-270cf2c elementor-section-boxed elementor-section-height-default elementor-section-height-default\" data-id=\"270cf2c\" data-element_type=\"section\" data-e-type=\"section\">\n\t\t\t\t\t\t<div class=\"elementor-container elementor-column-gap-default\">\n\t\t\t\t\t<div class=\"elementor-column elementor-col-100 elementor-top-column elementor-element elementor-element-102eef5\" data-id=\"102eef5\" data-element_type=\"column\" data-e-type=\"column\">\n\t\t\t<div class=\"elementor-widget-wrap elementor-element-populated\">\n\t\t\t\t\t\t<section class=\"elementor-section elementor-inner-section elementor-element elementor-element-4b0c2e8 elementor-section-boxed elementor-section-height-default elementor-section-height-default\" data-id=\"4b0c2e8\" data-element_type=\"section\" data-e-type=\"section\">\n\t\t\t\t\t\t<div class=\"elementor-container elementor-column-gap-default\">\n\t\t\t\t\t<div class=\"elementor-column elementor-col-50 elementor-inner-column elementor-element elementor-element-44f1727\" data-id=\"44f1727\" data-element_type=\"column\" data-e-type=\"column\">\n\t\t\t<div class=\"elementor-widget-wrap elementor-element-populated\">\n\t\t\t\t\t\t<div class=\"elementor-element elementor-element-1e32418 elementor-widget elementor-widget-text-editor\" data-id=\"1e32418\" data-element_type=\"widget\" data-e-type=\"widget\" data-widget_type=\"text-editor.default\">\n\t\t\t\t<div class=\"elementor-widget-container\">\n\t\t\t\t\t\t\t\t\t<p>Somos una asociaci\u00f3n franco-colombiana, profundamente arraigada en Marsella, dedicada al uso de las artes visuales como una poderosa herramienta para explorar y reapropiarnos de los temas sociales que dan forma a nuestra generaci\u00f3n. Creemos firmemente que la uni\u00f3n de las culturas genera una riqueza inestimable. Aunque la migraci\u00f3n puede alejarnos de nuestras ra\u00edces, tambi\u00e9n nos une, nos inspira y nos motiva a mantener ese v\u00ednculo vital con nuestros or\u00edgenes. En este proceso, el arte se convierte para nosotros en un lenguaje universal y una herramienta esencial para acompa\u00f1ar estas transiciones.<\/p><p>Nuestro enfoque multicultural tiene como objetivo deconstruir los mitos y estereotipos impuestos al pensamiento colectivo, enriqueciendo nuestras perspectivas a trav\u00e9s de un di\u00e1logo abierto y constructivo entre las culturas francesa, mediterr\u00e1nea y colombiana. A trav\u00e9s de formaciones, eventos y proyectos art\u00edsticos como eje transversal, aspiramos a convertirnos en un punto de referencia y apoyo no solo para los colombianos que viven en Francia, sino tambi\u00e9n para todos aquellos que comparten los retos de la migraci\u00f3n.<\/p>\t\t\t\t\t\t\t\t<\/div>\n\t\t\t\t<\/div>\n\t\t\t\t\t<\/div>\n\t\t<\/div>\n\t\t\t\t<div class=\"elementor-column elementor-col-50 elementor-inner-column elementor-element elementor-element-2935709\" data-id=\"2935709\" data-element_type=\"column\" data-e-type=\"column\">\n\t\t\t<div class=\"elementor-widget-wrap elementor-element-populated\">\n\t\t\t\t\t\t<div class=\"elementor-element elementor-element-b54ce17 elementor-widget elementor-widget-text-editor\" data-id=\"b54ce17\" data-element_type=\"widget\" data-e-type=\"widget\" data-widget_type=\"text-editor.default\">\n\t\t\t\t<div class=\"elementor-widget-container\">\n\t\t\t\t\t\t\t\t\t<p>Al mismo tiempo, prestamos especial atenci\u00f3n a las mujeres \u2014madres, ni\u00f1as\u2014 reci\u00e9n llegadas, refugiadas, madres solteras de todas las generaciones y categor\u00edas socioprofesionales, residan o no en barrios prioritarios de la ciudad. Estas mujeres, ya sea en Francia, Colombia o Marruecos, encarnan una riqueza a menudo desconocida y se enfrentan a retos complejos que nos comprometemos a acompa\u00f1ar.<\/p>\n<p>As\u00ed, nuestros proyectos adquieren una dimensi\u00f3n inclusiva e intergeneracional, respondiendo a problem\u00e1ticas concretas como:<\/p>\n<ul>\n<li>El acceso a espacios de expresi\u00f3n y creaci\u00f3n para superar las barreras sociales y culturales.<\/li>\n<li>La organizaci\u00f3n de talleres, formaciones y eventos que permiten reforzar las capacidades individuales al tiempo que se tejen lazos de solidaridad entre las comunidades.<\/li>\n<li>El desarrollo de proyectos significativos, en colaboraci\u00f3n con socios locales e internacionales, destinados a promover la igualdad de oportunidades y la emancipaci\u00f3n de las mujeres y los ni\u00f1os.<\/li>\n<\/ul>\t\t\t\t\t\t\t\t<\/div>\n\t\t\t\t<\/div>\n\t\t\t\t\t<\/div>\n\t\t<\/div>\n\t\t\t\t\t<\/div>\n\t\t<\/section>\n\t\t\t\t\t<\/div>\n\t\t<\/div>\n\t\t\t\t\t<\/div>\n\t\t<\/section>\n\t\t\t\t<section class=\"elementor-section elementor-top-section elementor-element elementor-element-f61b57f elementor-section-boxed elementor-section-height-default elementor-section-height-default\" data-id=\"f61b57f\" data-element_type=\"section\" data-e-type=\"section\">\n\t\t\t\t\t\t<div class=\"elementor-container elementor-column-gap-default\">\n\t\t\t\t\t<div class=\"elementor-column elementor-col-100 elementor-top-column elementor-element elementor-element-88b878f\" data-id=\"88b878f\" data-element_type=\"column\" data-e-type=\"column\">\n\t\t\t<div class=\"elementor-widget-wrap elementor-element-populated\">\n\t\t\t\t\t\t<div class=\"elementor-element elementor-element-9734b78 elementor-widget elementor-widget-text-editor\" data-id=\"9734b78\" data-element_type=\"widget\" data-e-type=\"widget\" data-widget_type=\"text-editor.default\">\n\t\t\t\t<div class=\"elementor-widget-container\">\n\t\t\t\t\t\t\t\t\t<p>Nuestra visi\u00f3n traspasa fronteras. Al apoyar iniciativas art\u00edsticas y sociales tanto en Francia como en Colombia y Marruecos, esperamos tender puentes entre culturas, fortalecer los lazos humanos y desarrollar proyectos significativos tanto para las personas como para las comunidades.<\/p><p>Les agradecemos su confianza y su apoyo en esta misi\u00f3n que tanto nos importa.<\/p>\t\t\t\t\t\t\t\t<\/div>\n\t\t\t\t<\/div>\n\t\t\t\t\t<\/div>\n\t\t<\/div>\n\t\t\t\t\t<\/div>\n\t\t<\/section>\n\t\t\t\t<section class=\"elementor-section elementor-top-section elementor-element elementor-element-49e946d elementor-section-boxed elementor-section-height-default elementor-section-height-default\" data-id=\"49e946d\" data-element_type=\"section\" data-e-type=\"section\">\n\t\t\t\t\t\t<div class=\"elementor-container elementor-column-gap-default\">\n\t\t\t\t\t<div class=\"elementor-column elementor-col-100 elementor-top-column elementor-element elementor-element-635b41f\" data-id=\"635b41f\" data-element_type=\"column\" data-e-type=\"column\">\n\t\t\t<div class=\"elementor-widget-wrap elementor-element-populated\">\n\t\t\t\t\t\t<div class=\"elementor-element elementor-element-cd92763 elementor-widget elementor-widget-heading\" data-id=\"cd92763\" data-element_type=\"widget\" data-e-type=\"widget\" data-widget_type=\"heading.default\">\n\t\t\t\t<div class=\"elementor-widget-container\">\n\t\t\t\t\t<h2 class=\"elementor-heading-title elementor-size-default\">Partenaires<\/h2>\t\t\t\t<\/div>\n\t\t\t\t<\/div>\n\t\t\t\t\t<\/div>\n\t\t<\/div>\n\t\t\t\t\t<\/div>\n\t\t<\/section>\n\t\t\t\t<section class=\"elementor-section elementor-top-section elementor-element elementor-element-27ab0c1 elementor-section-boxed elementor-section-height-default elementor-section-height-default\" data-id=\"27ab0c1\" data-element_type=\"section\" data-e-type=\"section\">\n\t\t\t\t\t\t<div class=\"elementor-container elementor-column-gap-default\">\n\t\t\t\t\t<div class=\"elementor-column elementor-col-100 elementor-top-column elementor-element elementor-element-a3bdddb\" data-id=\"a3bdddb\" data-element_type=\"column\" data-e-type=\"column\">\n\t\t\t<div class=\"elementor-widget-wrap elementor-element-populated\">\n\t\t\t\t\t\t<div class=\"elementor-element elementor-element-044b13e elementor-arrows-position-inside elementor-pagination-position-outside elementor-widget elementor-widget-image-carousel\" data-id=\"044b13e\" data-element_type=\"widget\" data-e-type=\"widget\" data-settings=\"{&quot;navigation&quot;:&quot;both&quot;,&quot;autoplay&quot;:&quot;yes&quot;,&quot;pause_on_hover&quot;:&quot;yes&quot;,&quot;pause_on_interaction&quot;:&quot;yes&quot;,&quot;autoplay_speed&quot;:5000,&quot;infinite&quot;:&quot;yes&quot;,&quot;speed&quot;:500}\" data-widget_type=\"image-carousel.default\">\n\t\t\t\t<div class=\"elementor-widget-container\">\n\t\t\t\t\t\t\t<div class=\"elementor-image-carousel-wrapper swiper\" role=\"region\" aria-roledescription=\"carousel\" aria-label=\"Carrousel d\u2019images\" dir=\"ltr\">\n\t\t\t<div class=\"elementor-image-carousel swiper-wrapper\" aria-live=\"off\">\n\t\t\t\t\t\t\t\t<div class=\"swiper-slide\" role=\"group\" aria-roledescription=\"slide\" aria-label=\"1 sur 6\"><figure class=\"swiper-slide-inner\"><img decoding=\"async\" class=\"swiper-slide-image\" src=\"https:\/\/i0.wp.com\/dreamvoyager.fr\/wp-content\/uploads\/2025\/01\/Design-sans-titre1.png?resize=150%2C150&amp;ssl=1\" alt=\"Design sans titre(1)\" \/><\/figure><\/div><div class=\"swiper-slide\" role=\"group\" aria-roledescription=\"slide\" aria-label=\"2 sur 6\"><figure class=\"swiper-slide-inner\"><img decoding=\"async\" class=\"swiper-slide-image\" src=\"https:\/\/i0.wp.com\/dreamvoyager.fr\/wp-content\/uploads\/2025\/01\/Design-sans-titre.png?resize=150%2C150&amp;ssl=1\" alt=\"Design sans titre\" \/><\/figure><\/div><div class=\"swiper-slide\" role=\"group\" aria-roledescription=\"slide\" aria-label=\"3 sur 6\"><figure class=\"swiper-slide-inner\"><img decoding=\"async\" class=\"swiper-slide-image\" src=\"https:\/\/i0.wp.com\/dreamvoyager.fr\/wp-content\/uploads\/2025\/06\/MNU-Logo-COLOR-011.png?resize=150%2C150&amp;ssl=1\" alt=\"+++MNU - Logo COLOR-01(1)\" \/><\/figure><\/div><div class=\"swiper-slide\" role=\"group\" aria-roledescription=\"slide\" aria-label=\"4 sur 6\"><figure class=\"swiper-slide-inner\"><img decoding=\"async\" class=\"swiper-slide-image\" src=\"https:\/\/i0.wp.com\/dreamvoyager.fr\/wp-content\/uploads\/2025\/06\/MARSEILLE1.png?resize=150%2C150&amp;ssl=1\" alt=\"MARSEILLE1\" \/><\/figure><\/div><div class=\"swiper-slide\" role=\"group\" aria-roledescription=\"slide\" aria-label=\"5 sur 6\"><figure class=\"swiper-slide-inner\"><img decoding=\"async\" class=\"swiper-slide-image\" src=\"https:\/\/i0.wp.com\/dreamvoyager.fr\/wp-content\/uploads\/2025\/10\/OIP.4PvF3uu6EulqpBHdUVYFQQHaHa.webp?resize=150%2C150&amp;ssl=1\" alt=\"OIP.4PvF3uu6EulqpBHdUVYFQQHaHa\" \/><\/figure><\/div><div class=\"swiper-slide\" role=\"group\" aria-roledescription=\"slide\" aria-label=\"6 sur 6\"><figure class=\"swiper-slide-inner\"><img decoding=\"async\" class=\"swiper-slide-image\" src=\"https:\/\/i0.wp.com\/dreamvoyager.fr\/wp-content\/uploads\/2026\/04\/Adherent-Marsea-Visuel-1.png?resize=150%2C150&amp;ssl=1\" alt=\"Adhe\u0301rent Marsea - Visuel 1\" \/><\/figure><\/div>\t\t\t<\/div>\n\t\t\t\t\t\t\t\t\t\t\t\t<div class=\"elementor-swiper-button elementor-swiper-button-prev\" role=\"button\" tabindex=\"0\">\n\t\t\t\t\t\t<i aria-hidden=\"true\" class=\"eicon-chevron-left\"><\/i>\t\t\t\t\t<\/div>\n\t\t\t\t\t<div class=\"elementor-swiper-button elementor-swiper-button-next\" role=\"button\" tabindex=\"0\">\n\t\t\t\t\t\t<i aria-hidden=\"true\" class=\"eicon-chevron-right\"><\/i>\t\t\t\t\t<\/div>\n\t\t\t\t\n\t\t\t\t\t\t\t\t\t<div class=\"swiper-pagination\"><\/div>\n\t\t\t\t\t\t\t\t\t<\/div>\n\t\t\t\t\t\t<\/div>\n\t\t\t\t<\/div>\n\t\t\t\t\t<\/div>\n\t\t<\/div>\n\t\t\t\t\t<\/div>\n\t\t<\/section>\n\t\t\t\t<section class=\"elementor-section elementor-top-section elementor-element elementor-element-c9aa9df elementor-section-boxed elementor-section-height-default elementor-section-height-default\" data-id=\"c9aa9df\" data-element_type=\"section\" data-e-type=\"section\">\n\t\t\t\t\t\t<div class=\"elementor-container elementor-column-gap-default\">\n\t\t\t\t\t<div class=\"elementor-column elementor-col-100 elementor-top-column elementor-element elementor-element-d229a4a\" data-id=\"d229a4a\" data-element_type=\"column\" data-e-type=\"column\">\n\t\t\t<div class=\"elementor-widget-wrap\">\n\t\t\t\t\t\t\t<\/div>\n\t\t<\/div>\n\t\t\t\t\t<\/div>\n\t\t<\/section>\n\t\t\t\t<section class=\"elementor-section elementor-top-section elementor-element elementor-element-74d3753 elementor-section-boxed elementor-section-height-default elementor-section-height-default\" data-id=\"74d3753\" data-element_type=\"section\" data-e-type=\"section\">\n\t\t\t\t\t\t<div class=\"elementor-container elementor-column-gap-default\">\n\t\t\t\t\t<div class=\"elementor-column elementor-col-100 elementor-top-column elementor-element elementor-element-9c692f5\" data-id=\"9c692f5\" data-element_type=\"column\" data-e-type=\"column\">\n\t\t\t<div class=\"elementor-widget-wrap\">\n\t\t\t\t\t\t\t<\/div>\n\t\t<\/div>\n\t\t\t\t\t<\/div>\n\t\t<\/section>\n\t\t\t\t<\/div>\n\t\t","protected":false},"excerpt":{"rendered":"<p>Portfolio 2024-2025 \ud83c\uddeb\ud83c\uddf7DV, association pluridisciplinaire r\u00e9gie par la loi 1901, \u00e9labore et coordonne des projets ainsi que des \u00e9v\u00e9nements artistiques &hellip; <a href=\"https:\/\/dreamvoyager.fr\/\" class=\"more-link\"><span class=\"more-button\">Continuer la lecture \/ Seguir leyendo<span class=\"screen-reader-text\">Manifeste<\/span><\/span><\/a><\/p>\n","protected":false},"author":1,"featured_media":6059,"parent":0,"menu_order":0,"comment_status":"closed","ping_status":"closed","template":"","meta":{"jetpack_post_was_ever_published":false,"footnotes":""},"class_list":["post-182","page","type-page","status-publish","has-post-thumbnail","hentry"],"jetpack_shortlink":"https:\/\/wp.me\/P82Biz-2W","jetpack-related-posts":[{"id":4077,"url":"https:\/\/dreamvoyager.fr\/?page_id=4077","url_meta":{"origin":182,"position":0},"title":"Politique de confidentialit\u00e9","author":"rodrigo09_01","date":"01\/04\/2019","format":false,"excerpt":"Qui sommes-nous\u00a0? L\u2019adresse de notre site Web est\u00a0: https:\/\/dreamvoyager.fr. Utilisation des donn\u00e9es personnelles collect\u00e9es Commentaires Quand vous laissez un commentaire sur notre site web, les donn\u00e9es inscrites dans le formulaire de commentaire, mais aussi votre adresse IP et l\u2019agent utilisateur de votre navigateur sont collect\u00e9s pour nous aider \u00e0 la\u2026","rel":"","context":"Article similaire","block_context":{"text":"Article similaire","link":""},"img":{"alt_text":"","src":"","width":0,"height":0},"classes":[]},{"id":5216,"url":"https:\/\/dreamvoyager.fr\/?page_id=5216","url_meta":{"origin":182,"position":1},"title":"\u00c9veil","author":"rodrigo09_01","date":"10\/22\/2019","format":false,"excerpt":"\u00ab\u00a0\u00c9VEIL\u00a0\u00bb est un projet photographique qui propose une approche contemporaine des danses orientales par la jeune photographe C\u00e9line Poulet. Le projet est li\u00e9 \u00e0 la recherche chor\u00e9graphique singuli\u00e8re de la danseuse Karine Ghalmi, qui se met en sc\u00e8ne ici face \u00e0 l\u2019objectif. L\u2019\u0153il de la photographe alors complice de la\u2026","rel":"","context":"Article similaire","block_context":{"text":"Article similaire","link":""},"img":{"alt_text":"","src":"https:\/\/i0.wp.com\/dreamvoyager.fr\/wp-content\/uploads\/2019\/08\/1.jpg?resize=350%2C200","width":350,"height":200,"srcset":"https:\/\/i0.wp.com\/dreamvoyager.fr\/wp-content\/uploads\/2019\/08\/1.jpg?resize=350%2C200 1x, https:\/\/i0.wp.com\/dreamvoyager.fr\/wp-content\/uploads\/2019\/08\/1.jpg?resize=525%2C300 1.5x, https:\/\/i0.wp.com\/dreamvoyager.fr\/wp-content\/uploads\/2019\/08\/1.jpg?resize=700%2C400 2x, https:\/\/i0.wp.com\/dreamvoyager.fr\/wp-content\/uploads\/2019\/08\/1.jpg?resize=1050%2C600 3x, https:\/\/i0.wp.com\/dreamvoyager.fr\/wp-content\/uploads\/2019\/08\/1.jpg?resize=1400%2C800 4x"},"classes":[]},{"id":5214,"url":"https:\/\/dreamvoyager.fr\/?page_id=5214","url_meta":{"origin":182,"position":2},"title":"MadeIn Medell\u00edn","author":"rodrigo09_01","date":"10\/22\/2019","format":false,"excerpt":"Auteurs: Rodrigo & Andr\u00e9s Carmona Arango A partir de deux vues photographiques du m\u00eame territoire, deux extr\u00eames de la ville de Medell\u00edn sont explor\u00e9s, deux comunas (commun\u00e9ment nomm\u00e9e Favelas) , deux barrios pauvres de la ville : le quartier \u00ab\u00a0Independencia 1\u00a0\u00bb (Comuna 13) et le quartier \u00ab\u00a0La Sierra\u00a0\u00bb (Comuna 8).\u2026","rel":"","context":"Article similaire","block_context":{"text":"Article similaire","link":""},"img":{"alt_text":"","src":"https:\/\/i0.wp.com\/dreamvoyager.fr\/wp-content\/uploads\/2019\/10\/51947685_10218748566733698_8356207578467794944_o.jpg?fit=1080%2C720&ssl=1&resize=350%2C200","width":350,"height":200,"srcset":"https:\/\/i0.wp.com\/dreamvoyager.fr\/wp-content\/uploads\/2019\/10\/51947685_10218748566733698_8356207578467794944_o.jpg?fit=1080%2C720&ssl=1&resize=350%2C200 1x, https:\/\/i0.wp.com\/dreamvoyager.fr\/wp-content\/uploads\/2019\/10\/51947685_10218748566733698_8356207578467794944_o.jpg?fit=1080%2C720&ssl=1&resize=525%2C300 1.5x, https:\/\/i0.wp.com\/dreamvoyager.fr\/wp-content\/uploads\/2019\/10\/51947685_10218748566733698_8356207578467794944_o.jpg?fit=1080%2C720&ssl=1&resize=700%2C400 2x, https:\/\/i0.wp.com\/dreamvoyager.fr\/wp-content\/uploads\/2019\/10\/51947685_10218748566733698_8356207578467794944_o.jpg?fit=1080%2C720&ssl=1&resize=1050%2C600 3x"},"classes":[]},{"id":3434,"url":"https:\/\/dreamvoyager.fr\/?page_id=3434","url_meta":{"origin":182,"position":3},"title":"Rodrigo","author":"rodrigo09_01","date":"07\/17\/2018","format":false,"excerpt":"Rodrigo, photographe documentaire, photo-journaliste. N\u00e9 en 1988 dans le d\u00e9partement de l'Amazonas en Colombie. Il traite de sujets sur le pourtour M\u00e9diterran\u00e9en puisqu'il est bas\u00e9 sur Marseille en France. Ses sujets se portent sur un axe social-culturel et environnemental, tout en mettant l'accent sur l'univers du voyage. Il croise \u00e9galement\u2026","rel":"","context":"Article similaire","block_context":{"text":"Article similaire","link":""},"img":{"alt_text":"","src":"https:\/\/i0.wp.com\/dreamvoyager.fr\/wp-content\/uploads\/2019\/01\/coll_1_original-1.jpg?fit=1080%2C1080&ssl=1&resize=350%2C200","width":350,"height":200,"srcset":"https:\/\/i0.wp.com\/dreamvoyager.fr\/wp-content\/uploads\/2019\/01\/coll_1_original-1.jpg?fit=1080%2C1080&ssl=1&resize=350%2C200 1x, https:\/\/i0.wp.com\/dreamvoyager.fr\/wp-content\/uploads\/2019\/01\/coll_1_original-1.jpg?fit=1080%2C1080&ssl=1&resize=525%2C300 1.5x, https:\/\/i0.wp.com\/dreamvoyager.fr\/wp-content\/uploads\/2019\/01\/coll_1_original-1.jpg?fit=1080%2C1080&ssl=1&resize=700%2C400 2x, https:\/\/i0.wp.com\/dreamvoyager.fr\/wp-content\/uploads\/2019\/01\/coll_1_original-1.jpg?fit=1080%2C1080&ssl=1&resize=1050%2C600 3x"},"classes":[]}],"jetpack_sharing_enabled":true,"_links":{"self":[{"href":"https:\/\/dreamvoyager.fr\/index.php?rest_route=\/wp\/v2\/pages\/182","targetHints":{"allow":["GET"]}}],"collection":[{"href":"https:\/\/dreamvoyager.fr\/index.php?rest_route=\/wp\/v2\/pages"}],"about":[{"href":"https:\/\/dreamvoyager.fr\/index.php?rest_route=\/wp\/v2\/types\/page"}],"author":[{"embeddable":true,"href":"https:\/\/dreamvoyager.fr\/index.php?rest_route=\/wp\/v2\/users\/1"}],"replies":[{"embeddable":true,"href":"https:\/\/dreamvoyager.fr\/index.php?rest_route=%2Fwp%2Fv2%2Fcomments&post=182"}],"version-history":[{"count":393,"href":"https:\/\/dreamvoyager.fr\/index.php?rest_route=\/wp\/v2\/pages\/182\/revisions"}],"predecessor-version":[{"id":6296,"href":"https:\/\/dreamvoyager.fr\/index.php?rest_route=\/wp\/v2\/pages\/182\/revisions\/6296"}],"wp:featuredmedia":[{"embeddable":true,"href":"https:\/\/dreamvoyager.fr\/index.php?rest_route=\/wp\/v2\/media\/6059"}],"wp:attachment":[{"href":"https:\/\/dreamvoyager.fr\/index.php?rest_route=%2Fwp%2Fv2%2Fmedia&parent=182"}],"curies":[{"name":"wp","href":"https:\/\/api.w.org\/{rel}","templated":true}]}}